{"id":10614,"date":"2020-05-09T19:44:24","date_gmt":"2020-05-09T17:44:24","guid":{"rendered":"https:\/\/istaf.wpengine.com\/leichtathletik-de\/"},"modified":"2020-06-20T19:23:42","modified_gmt":"2020-06-20T17:23:42","slug":"leichtathletik-de","status":"publish","type":"page","link":"https:\/\/www.istaf.de\/en\/leichtathletik-de\/","title":{"rendered":"Leichtathletik.de-News"},"content":{"rendered":"<div class=\"feedzy-fe98bda99ffff10138de8b7092f8c2a0 feedzy-rss\"><div class=\"rss_header\"><h2><a href=\"https:\/\/www.leichtathletik.de\/\" class=\"rss_title\" rel=\"noopener\">leichtathletik.de RSS-Feed<\/a> <span class=\"rss_description\"> aktuelle Nachrichten rund um die Leichtathletik<\/span><\/h2><\/div><ul><li  style=\"padding: 15px 0 25px\" class=\"rss_item\"><span class=\"title\"><a href=\"https:\/\/www.leichtathletik.de\/aktuelles\/news\/news-detail\/82341-bruessel-tag-2-broeders-bol-kommt-werro-noch-naeher-agyekum-kratzt-am-podest\" target=\"_blank\" rel=\" noopener\">[05.09.2026] Diamond League-Finale Br\u00fcssel - Br\u00fcssel Tag 2 | Broeders-Bol kommt Werro noch n\u00e4her, Agyekum kratzt am Podest<\/a><\/span><div class=\"rss_content\" style=\"\"><small>by <a href=\"\/\/www.leichtathletik.de\" target=\"_blank\" title=\"www.leichtathletik.de\">Jan-Henner Reitze<\/a> on 5. September 2026 at 20:30 <\/small><p>Am zweiten Tag des Diamond League-Finals in Br\u00fcssel hat Audrey Werro am Samstag die 800 Meter gewonnen, allerdings war Dauerkonkurrentin Femke Broeders-Bol so nah an der Schweizerin dran wie noch nie. \u00dcber 400 Meter H\u00fcrden lief Emil Agyekum auf Rang vier.<\/p><\/div><\/li><li  style=\"padding: 15px 0 25px\" class=\"rss_item\"><span class=\"title\"><a href=\"https:\/\/www.leichtathletik.de\/aktuelles\/news\/news-detail\/82340-flash-news-am-samstag\" target=\"_blank\" rel=\" noopener\">[05.09.2026] Notizen - Flash-News am Samstag<\/a><\/span><div class=\"rss_content\" style=\"\"><small>by <a href=\"\/\/www.leichtathletik.de\" target=\"_blank\" title=\"www.leichtathletik.de\">Martin Neumann<\/a> on 5. September 2026 at 10:27 <\/small><p>Wissenswertes aus der Welt der Leichtathletik<\/p><\/div><\/li><li  style=\"padding: 15px 0 25px\" class=\"rss_item\"><span class=\"title\"><a href=\"https:\/\/www.leichtathletik.de\/aktuelles\/news\/news-detail\/82339-bruessel-tag-1-ceh-uebertrumpft-alekna-vierte-plaetze-fuer-mabry-und-craft\" target=\"_blank\" rel=\" noopener\">[04.09.2026] Diamond League Finale - Br\u00fcssel Tag 1 | Ceh \u00fcbertrumpft Alekna, vierte Pl\u00e4tze f\u00fcr Mabry und Craft<\/a><\/span><div class=\"rss_content\" style=\"\"><small>by <a href=\"\/\/www.leichtathletik.de\" target=\"_blank\" title=\"www.leichtathletik.de\">Jan-Henner Reitze<\/a> on 4. September 2026 at 20:00 <\/small><p>Am ersten Tag des Diamond League-Finals in Br\u00fcssel haben Sieger Kristjan Ceh und Mykolas Alekna am Freitagabend im Diskuswurf die 70 Meter \u00fcbertroffen. Jeweils auf Platz vier kamen die DLV-Athletinnen Yemisi Mabry und Shanice Craft. Die 400 Meter gewann Collen Kebinatshipi in 43,40 Sekunden.<\/p><\/div><\/li><li  style=\"padding: 15px 0 25px\" class=\"rss_item\"><span class=\"title\"><a href=\"https:\/\/www.leichtathletik.de\/aktuelles\/news\/news-detail\/82336-neues-niveau-und-dm-titel-bei-den-aktiven-emma-kaul-startet-durch\" target=\"_blank\" rel=\" noopener\">[04.09.2026] Leute - Neues Niveau und erstmals Deutsche Meisterin \u2013 Emma Kaul startet durch<\/a><\/span><div class=\"rss_content\" style=\"\"><small>by <a href=\"\/\/www.leichtathletik.de\" target=\"_blank\" title=\"www.leichtathletik.de\">Jane Sichting<\/a> on 4. September 2026 at 13:03 <\/small><p>Mit dem DM-Titel im Siebenkampf in der Frauenklasse hat Emma Kaul (USC Mainz) am vergangenen Wochenende einen goldenen Saisonabschluss gefeiert. Gleichzeitig durfte sie sich \u00fcber den dritten Siebenkampf in Folge mit mehr als 6.100 Punkte freuen \u2013 und das im Alter von erst 20 Jahren. N\u00e4chste Leistungsschritte sollen folgen.<\/p><\/div><\/li><li  style=\"padding: 15px 0 25px\" class=\"rss_item\"><span class=\"title\"><a href=\"https:\/\/www.leichtathletik.de\/aktuelles\/news\/news-detail\/82338-flash-news-am-freitag\" target=\"_blank\" rel=\" noopener\">[04.09.2026] Notizen - Flash-News am Freitag<\/a><\/span><div class=\"rss_content\" style=\"\"><small>by <a href=\"\/\/www.leichtathletik.de\" target=\"_blank\" title=\"www.leichtathletik.de\">Martin Neumann<\/a> on 4. September 2026 at 10:35 <\/small><p>Wissenswertes aus der Welt der Leichtathletik<\/p><\/div><\/li><li  style=\"padding: 15px 0 25px\" class=\"rss_item\"><span class=\"title\"><a href=\"https:\/\/www.leichtathletik.de\/aktuelles\/news\/news-detail\/82337-vanessa-mikitenko-peilt-nach-dm-titel-auch-lauftour-gesamtsieg-an\" target=\"_blank\" rel=\" noopener\">[04.09.2026] R5K-Tour Hamburg - Vanessa Mikitenko peilt nach DM-Titel auch Lauftour-Gesamtsieg an<\/a><\/span><div class=\"rss_content\" style=\"\"><small>by <a href=\"\/\/www.leichtathletik.de\" target=\"_blank\" title=\"www.leichtathletik.de\">pm\/mbn<\/a> on 4. September 2026 at 10:04 <\/small><p>Beim Currex Alsterlauf in Hamburg geht es am Sonntag f\u00fcr Deutschlands gr\u00f6\u00dfte Lauftalente \u00fcber f\u00fcnf Kilometer um die Qualifikation f\u00fcrs gro\u00dfe R5K-Finale beim BMW Berlin-Marathon drei Wochen sp\u00e4ter. Top-Favoritin in Hamburg ist die Deutsche 5.000-Meter-Meisterin Vanessa Mikitenko.<\/p><\/div><\/li><li  style=\"padding: 15px 0 25px\" class=\"rss_item\"><span class=\"title\"><a href=\"https:\/\/www.leichtathletik.de\/aktuelles\/news\/news-detail\/82332-die-naechsten-leichtathletik-termine-im-netz-im-tv\" target=\"_blank\" rel=\" noopener\">[04.09.2026] TV-Tipps - Die n\u00e4chsten Leichtathletik-Termine im Netz &amp; im TV<\/a><\/span><div class=\"rss_content\" style=\"\"><small>by <a href=\"\/\/www.leichtathletik.de\" target=\"_blank\" title=\"www.leichtathletik.de\">Paula Schr\u00f6der<\/a> on 4. September 2026 at 9:08 <\/small><p>Die Leichtathletik-Saison ist auf die Zielgerade eingebogen. Aber auch im September stehen noch einmal einige H\u00f6hepunkte an. Das Diamond-League-Finale in Br\u00fcssel, die World Athletics Ultimate Championships in Budapest und der Berlin-Marathon bieten noch einmal geballte Weltklasse. Hier finden Sie die wichtigsten \u00dcbertragungen und Livestreams im \u00dcberblick.<\/p><\/div><\/li><li  style=\"padding: 15px 0 25px\" class=\"rss_item\"><span class=\"title\"><a href=\"https:\/\/www.leichtathletik.de\/aktuelles\/news\/news-detail\/82331-flash-news-am-donnerstag\" target=\"_blank\" rel=\" noopener\">[03.09.2026] Notizen - Flash-News am Donnerstag<\/a><\/span><div class=\"rss_content\" style=\"\"><small>by <a href=\"\/\/www.leichtathletik.de\" target=\"_blank\" title=\"www.leichtathletik.de\">Paula Schr\u00f6der \/ Martin Neumann<\/a> on 3. September 2026 at 15:20 <\/small><p>Wissenswertes aus der Welt der Leichtathletik<\/p><\/div><\/li><li  style=\"padding: 15px 0 25px\" class=\"rss_item\"><span class=\"title\"><a href=\"https:\/\/www.leichtathletik.de\/aktuelles\/news\/news-detail\/82334-owen-ansah-sprintet-bei-ass-wahl-der-konkurrenz-davon\" target=\"_blank\" rel=\" noopener\">[03.09.2026] \u201eAss des Monats\u201c - Owen Ansah sprintet bei Fan-Wahl der Konkurrenz davon<\/a><\/span><div class=\"rss_content\" style=\"\"><small>by <a href=\"\/\/www.leichtathletik.de\" target=\"_blank\" title=\"www.leichtathletik.de\">Paula Schr\u00f6der<\/a> on 3. September 2026 at 15:09 <\/small><p>EM-Gold \u00fcber 200 Meter, dazu EM-Bronze \u00fcber 100 Meter: Owen Ansah hat bei der EM in Birmingham Mitte August abger\u00e4umt. Auch bei den Leichtathletik-Fans kam das an. Sie w\u00e4hlten den Hamburger zum \u201eAss des Monats\u201c August.<\/p><\/div><\/li><li  style=\"padding: 15px 0 25px\" class=\"rss_item\"><span class=\"title\"><a href=\"https:\/\/www.leichtathletik.de\/aktuelles\/news\/news-detail\/82335-masters-wm-tag-11-zwei-langsprint-staffeln-erfuellen-sich-zum-abschluss-den-gold-traum\" target=\"_blank\" rel=\" noopener\">[03.09.2026] Daegu - Masters-WM Tag 11 | Zwei Langsprint-Staffeln erf\u00fcllen sich zum Abschluss den Gold-Traum<\/a><\/span><div class=\"rss_content\" style=\"\"><small>by <a href=\"\/\/www.leichtathletik.de\" target=\"_blank\" title=\"www.leichtathletik.de\">David Deister<\/a> on 3. September 2026 at 14:16 <\/small><p>Die Masters-Weltmeisterschaften im s\u00fcdkoreanischen Daegu sind Geschichte. Am Schlusstag der Welt-Titelk\u00e4mpfe am Donnerstag holten die beiden W40- und W55-Frauenstaffeln innerhalb von nur zehn Minuten Gold \u00fcber 4x400 Meter. Das deutsche Team gewann in der WM-Stadt von 2011 insgesamt 103 Medaillen.<\/p><\/div><\/li><li  style=\"padding: 15px 0 25px\" class=\"rss_item\"><span class=\"title\"><a href=\"https:\/\/www.leichtathletik.de\/aktuelles\/news\/news-detail\/82333-sarah-vogel-nach-absturz-wieder-auf-hoehenflug\" target=\"_blank\" rel=\" noopener\">[03.09.2026] Leute - Sarah Vogel \u2013 Nach Absturz wieder auf H\u00f6henflug<\/a><\/span><div class=\"rss_content\" style=\"\"><small>by <a href=\"\/\/www.leichtathletik.de\" target=\"_blank\" title=\"www.leichtathletik.de\">Sophie Ritter<\/a> on 3. September 2026 at 11:09 <\/small><p>ME\/CFS \u2013 diese Buchstabenreihe steht f\u00fcr die Multisystemerkrankung \u201eMyalgische Enzephalomyelitis \/ Chronisches Fatigue-Syndrom\u201c. Stabhochspringerin Sarah Vogel (Eintracht Frankfurt) wurde von der Krankheit im Winter 2024 abrupt von 100 auf 0 ausgebremst. Die Leistungssportlerin konnte nicht mehr selbstst\u00e4ndig leben. In dieser Zeit wurden der Sport und der Glaube an sich selbst zum Rettungsanker. Mittlerweile ist die 24-J\u00e4hrige wieder zur\u00fcck und kr\u00f6nte ihre Comebacksaison mit einer neuen Bestleistung von 4,42 Metern \u2013 und die n\u00e4chsten Ziele hat sie sich bereits gesetzt.<\/p><\/div><\/li><li  style=\"padding: 15px 0 25px\" class=\"rss_item\"><span class=\"title\"><a href=\"https:\/\/www.leichtathletik.de\/aktuelles\/news\/news-detail\/82329-flash-news-am-mittwoch\" target=\"_blank\" rel=\" noopener\">[02.09.2026] Notizen - Flash-News am Mittwoch<\/a><\/span><div class=\"rss_content\" style=\"\"><small>by <a href=\"\/\/www.leichtathletik.de\" target=\"_blank\" title=\"www.leichtathletik.de\">Paula Schr\u00f6der<\/a> on 2. September 2026 at 15:31 <\/small><p>Wissenswertes aus der Welt der Leichtathletik<\/p><\/div><\/li><li  style=\"padding: 15px 0 25px\" class=\"rss_item\"><span class=\"title\"><a href=\"https:\/\/www.leichtathletik.de\/aktuelles\/news\/news-detail\/82330-masters-wm-tag-10-dlv-team-jubelt-ueber-vier-wm-titel\" target=\"_blank\" rel=\" noopener\">[02.09.2026] Daegu - Masters-WM Tag 10 | DLV-Team jubelt \u00fcber vier WM-Titel<\/a><\/span><div class=\"rss_content\" style=\"\"><small>by <a href=\"\/\/www.leichtathletik.de\" target=\"_blank\" title=\"www.leichtathletik.de\">mbn<\/a> on 2. September 2026 at 15:18 <\/small><p>Zehn Medaillen am zehnten Wettkampftag: So lautet die Bilanz des deutschen Masters-Teams bei der WM in Daegu. Am Mittwoch erweiterten Tatjana Schilling und Iris Opitz ihre Medaillensammlung weiter. Auch f\u00fcr Ralf Mordhorst war es nicht die erste Medaille im WM-Austragungsort von 2011.<\/p><\/div><\/li><li  style=\"padding: 15px 0 25px\" class=\"rss_item\"><span class=\"title\"><a href=\"https:\/\/www.leichtathletik.de\/aktuelles\/news\/news-detail\/82325-impulse-und-austausch-zu-demokratischen-werten-im-sport\" target=\"_blank\" rel=\" noopener\">[02.09.2026] Junges Engagement - Impulse und Austausch zu demokratischen Werten im Sport<\/a><\/span><div class=\"rss_content\" style=\"\"><small>by <a href=\"\/\/www.leichtathletik.de\" target=\"_blank\" title=\"www.leichtathletik.de\">Deutsche Leichtathletik-Jugend<\/a> on 2. September 2026 at 13:04 <\/small><p>\u201eDemokratische Werte im Sport gestalten\u201c: So lautete der Titel eines Workshops in Berlin. Vom 7. bis 9. August nahmen 15 junge Engagierte aus ganz Deutschland daran teil und stellten die Frage in den Fokus, welche demokratischen Werte im Sport wichtig sind.<\/p><\/div><\/li><li  style=\"padding: 15px 0 25px\" class=\"rss_item\"><span class=\"title\"><a href=\"https:\/\/www.leichtathletik.de\/aktuelles\/news\/news-detail\/82328-diamanten-showdown-mit-acht-dlv-athletinnen-und-athleten\" target=\"_blank\" rel=\" noopener\">[02.09.2026] Diamond-League-Finale Br\u00fcssel - Diamanten-Showdown mit acht DLV-Athletinnen und -Athleten<\/a><\/span><div class=\"rss_content\" style=\"\"><small>by <a href=\"\/\/www.leichtathletik.de\" target=\"_blank\" title=\"www.leichtathletik.de\">Jan-Henner Reitze<\/a> on 2. September 2026 at 13:00 <\/small><p>Um einen Diamanten als Troph\u00e4e und Siegpr\u00e4mien bis zu 60.000 US-Dollar geht es am Freitag und Samstag beim Finale der Diamond League in Br\u00fcssel. Zahlreiche Top-Stars sind am Start, die DLV-Farben werden unter anderem von Emil Agyekum, Yemisi Mabry und Karl Bebendorf vertreten.<\/p><\/div><\/li><li  style=\"padding: 15px 0 25px\" class=\"rss_item\"><span class=\"title\"><a href=\"https:\/\/www.leichtathletik.de\/aktuelles\/news\/news-detail\/82327-flash-news-am-dienstag\" target=\"_blank\" rel=\" noopener\">[01.09.2026] Notizen - Flash-News am Dienstag<\/a><\/span><div class=\"rss_content\" style=\"\"><small>by <a href=\"\/\/www.leichtathletik.de\" target=\"_blank\" title=\"www.leichtathletik.de\">Martin Neumann<\/a> on 1. September 2026 at 15:31 <\/small><p>Wissenswertes aus der Welt der Leichtathletik<\/p><\/div><\/li><li  style=\"padding: 15px 0 25px\" class=\"rss_item\"><span class=\"title\"><a href=\"https:\/\/www.leichtathletik.de\/aktuelles\/news\/news-detail\/82326-masters-wm-tag-9-gerhard-zorn-sprintet-mit-europarekord-zum-vierten-wm-gold\" target=\"_blank\" rel=\" noopener\">[01.09.2026] Daegu - Masters-WM Tag 9 | Gerhard Zorn sprintet mit Europarekord zum vierten WM-Gold<\/a><\/span><div class=\"rss_content\" style=\"\"><small>by <a href=\"\/\/www.leichtathletik.de\" target=\"_blank\" title=\"www.leichtathletik.de\">David Deister<\/a> on 1. September 2026 at 13:53 <\/small><p>Endspurt in Daegu: Am neunten und damit drittletzten Tag der Masters-WM sammelte das deutsche Team vier weitere Titel. F\u00fcr M70-Sprinter Gerhard Zorn war es bereits die vierte Goldmedaille bei den Meisterschaften. Seinen Sieg am Montag \u00fcber 400 Meter garnierte er mit einem neuen Europarekord<\/p><\/div><\/li><li  style=\"padding: 15px 0 25px\" class=\"rss_item\"><span class=\"title\"><a href=\"https:\/\/www.leichtathletik.de\/aktuelles\/news\/news-detail\/82322-jetzt-fuer-das-ass-des-monats-august-abstimmen\" target=\"_blank\" rel=\" noopener\">[01.09.2026] Fan-Wahl - Jetzt f\u00fcr das \u201eAss des Monats\u201c August abstimmen!<\/a><\/span><div class=\"rss_content\" style=\"\"><small>by <a href=\"\/\/www.leichtathletik.de\" target=\"_blank\" title=\"www.leichtathletik.de\">Paula Schr\u00f6der<\/a> on 1. September 2026 at 12:22 <\/small><p>Sechs Europameisterinnen und Europameister, sechs goldene EM-Geschichten \u2013 und nur ein \u201eAss des Monats\u201c. F\u00fcr unser EM-Special stehen diesen Monat alle Athletinnen und Athleten zur Wahl, die sich in Birmingham die europ\u00e4ische Krone aufgesetzt haben. Jetzt sind Sie gefragt: Wer wird \u201eAss des Monats\u201c August?<\/p><\/div><\/li><li  style=\"padding: 15px 0 25px\" class=\"rss_item\"><span class=\"title\"><a href=\"https:\/\/www.leichtathletik.de\/aktuelles\/news\/news-detail\/82321-anti-doping-newsletter-des-dlv\" target=\"_blank\" rel=\" noopener\">[01.09.2026] Anti-Doping - Anti-Doping-Newsletter des DLV<\/a><\/span><div class=\"rss_content\" style=\"\"><small>by <a href=\"\/\/www.leichtathletik.de\" target=\"_blank\" title=\"www.leichtathletik.de\">DLV Anti-Doping<\/a> on 1. September 2026 at 10:49 <\/small><p>Mit dem Monatswechsel ist ein weiterer Newsletter vom Anti-Doping-Referat des Deutschen Leichtathletik-Verbandes (DLV) erschienen. Darin erfahren Sie Neuigkeiten und Wissenswertes rund um das Thema \"Anti-Doping\".<\/p><\/div><\/li><li  style=\"padding: 15px 0 25px\" class=\"rss_item\"><span class=\"title\"><a href=\"https:\/\/www.leichtathletik.de\/aktuelles\/news\/news-detail\/82324-leia-braunagel-65-meter-sind-definitiv-nicht-die-grenze\" target=\"_blank\" rel=\" noopener\">[31.08.2026] Interview - Leia Braunagel: \u201e65 Meter sind definitiv nicht die Grenze\u201c<\/a><\/span><div class=\"rss_content\" style=\"\"><small>by <a href=\"\/\/www.leichtathletik.de\" target=\"_blank\" title=\"www.leichtathletik.de\">Martin Neumann<\/a> on 31. August 2026 at 14:42 <\/small><p>Sie ist die deutsche Diskuswurf-Aufsteigerin des Jahres: Leia Braunagel. Die 25-J\u00e4hrige von Eintracht Frankfurt war am Sonntag beim ISTAF mit 64,60 Metern beste Deutsche und \u00fcbertraf die WM-Norm von World Athletics um zehn Zentimeter. Im Interview der Woche spricht Leia Braunagel, die am Bundesst\u00fctzpunkt Frankfurt am Main (BSPFFM) trainiert, \u00fcber die Gr\u00fcnde f\u00fcr ihre starke Saison, die besondere Atmosph\u00e4re beim ISTAF und ihre Ziele f\u00fcr die kommenden Jahre.<\/p><\/div><\/li><li  style=\"padding: 15px 0 25px\" class=\"rss_item\"><span class=\"title\"><a href=\"https:\/\/www.leichtathletik.de\/aktuelles\/news\/news-detail\/82323-masters-wm-tag-78-deutsche-masters-sammeln-am-wochenende-sieben-wm-titel\" target=\"_blank\" rel=\" noopener\">[31.08.2026] Daegu - Masters-WM Tag 7&amp;8 | Deutsche Masters sammeln am Wochenende sieben WM-Titel<\/a><\/span><div class=\"rss_content\" style=\"\"><small>by <a href=\"\/\/www.leichtathletik.de\" target=\"_blank\" title=\"www.leichtathletik.de\">dd\/mbn<\/a> on 31. August 2026 at 14:05 <\/small><p>Am zweiten WM-Wochenende konnte sich das deutsche Team bei der Masters-WM in Daegu (S\u00fcdkorea) \u00fcber 15 Medaillen freuen. Gleich sieben davon gl\u00e4nzten golden. Speziell im Dreisprung und \u00fcber die Langh\u00fcrdendistanz waren die deutschen Starterinnen und Starter erfolgreich.<\/p><\/div><\/li><li  style=\"padding: 15px 0 25px\" class=\"rss_item\"><span class=\"title\"><a href=\"https:\/\/www.leichtathletik.de\/aktuelles\/news\/news-detail\/82320-flash-news-am-montag\" target=\"_blank\" rel=\" noopener\">[31.08.2026] Notizen - Flash-News am Montag<\/a><\/span><div class=\"rss_content\" style=\"\"><small>by <a href=\"\/\/www.leichtathletik.de\" target=\"_blank\" title=\"www.leichtathletik.de\">Paula Schr\u00f6der<\/a> on 31. August 2026 at 8:28 <\/small><p>Wissenswertes aus der Welt der Leichtathletik<\/p><\/div><\/li><li  style=\"padding: 15px 0 25px\" class=\"rss_item\"><span class=\"title\"><a href=\"https:\/\/www.leichtathletik.de\/aktuelles\/news\/news-detail\/82317-top-stars-feiern-beim-istaf-mit-41000-fans-einen-rauschenden-leichtathletik-nachmittag\" target=\"_blank\" rel=\" noopener\">[30.08.2026] Berlin - Top-Stars feiern beim ISTAF mit 41.000 Fans einen rauschenden Leichtathletik-Nachmittag<\/a><\/span><div class=\"rss_content\" style=\"\"><small>by <a href=\"\/\/www.leichtathletik.de\" target=\"_blank\" title=\"www.leichtathletik.de\">Martin Neumann<\/a> on 30. August 2026 at 18:49 <\/small><p>Mitrei\u00dfende Entscheidungen, eine grandiose Stimmung im Olympiastadion und absolute Weltklasseleistungen: Das ISTAF im Berliner Olympiastadion vor 41.000 Zuschauern \u2013 und damit eins der zuschauerst\u00e4rksten Meetings der Welt \u2013 hat am Sonntagnachmittag mal wieder begeistert. Mit Leo Neugebauer, Julian Weber, Gesa Krause sowie den Lokalmatadoren Emil Agyekum und Gina L\u00fcckenkemper mit der deutschen Mixed-Staffel gab es gleich f\u00fcnf deutsche Siege. Ganz nebenbei wurde im Kugelsto\u00dfring ein 42 Jahre alter Meetingrekord aus den Statistiken gel\u00f6scht. ISTAF-Chef Martin Seeber zog nach dem Leichtathletik-Spektakel eine positive Gesamtbilanz.<\/p><\/div><\/li><li  style=\"padding: 15px 0 25px\" class=\"rss_item\"><span class=\"title\"><a href=\"https:\/\/www.leichtathletik.de\/aktuelles\/news\/news-detail\/82318-hannover-am-sonntag-mainzer-doppelsieg-youngster-titel-und-6000-punkte-premiere\" target=\"_blank\" rel=\" noopener\">[30.08.2026] Mehrkampf-DM 2026 - Hannover am Sonntag | Mainzer Doppelsieg, Youngster-Titel und 6.000-Punkte-Premiere<\/a><\/span><div class=\"rss_content\" style=\"\"><small>by <a href=\"\/\/www.leichtathletik.de\" target=\"_blank\" title=\"www.leichtathletik.de\">Svenja Sapper<\/a> on 30. August 2026 at 17:49 <\/small><p>Mit Emma Kaul und Moritz Bartko haben sich zwei Mehrkampf-Talente im ersten U23-Jahr die DM-Titel im Siebenkampf und Zehnkampf gesichert. Emma Kaul st\u00fcrmte dabei \u00fcber 800 Meter noch an Trainingskollegin Mareike R\u00f6sing vorbei, die erstmals die 6.000 Punkte \u00fcbertraf. In der U23-Wertung lagen Leonie Kroter und Leon-Joel Clair vorn.<\/p><\/div><\/li><li  style=\"padding: 15px 0 25px\" class=\"rss_item\"><span class=\"title\"><a href=\"https:\/\/www.leichtathletik.de\/aktuelles\/news\/news-detail\/82319-eleanor-patterson-und-yaroslava-mahuchikh-begeistern-mit-zwei-meter-spruengen\" target=\"_blank\" rel=\" noopener\">[30.08.2026] Heilbronn - Eleanor Patterson und Yaroslava Mahuchikh begeistern mit Zwei-Meter-Spr\u00fcngen<\/a><\/span><div class=\"rss_content\" style=\"\"><small>by <a href=\"\/\/www.leichtathletik.de\" target=\"_blank\" title=\"www.leichtathletik.de\">Stefanie Wahl<\/a> on 30. August 2026 at 17:29 <\/small><p>Eine La Ola f\u00fcr die Australierin Eleanor Patterson: Die 30-J\u00e4hrige sticht am Sonntag bei der vierten Auflage des Hochsprung-Meetings alle Stars aus, holt sich ihren dritten Sieg auf dem Heilbronner Marktplatz vor der Weltrekordhalterin Yaroslava Mahuchikh und scheitert nur knapp am Landesrekord von 2,05 Metern. Joana Herrmann begeistert als Vierte mit 1,90 Metern und schw\u00e4rmt von der Kulisse mit 1.370 Zuschauern.<\/p><\/div><\/li><\/ul> <\/div><style type=\"text\/css\" media=\"all\">.feedzy-rss .rss_item .rss_image{float:left;position:relative;border:none;text-decoration:none;max-width:100%}.feedzy-rss .rss_item .rss_image span{display:inline-block;position:absolute;width:100%;height:100%;background-position:50%;background-size:cover}.feedzy-rss .rss_item .rss_image{margin:.3em 1em 0 0;content-visibility:auto}.feedzy-rss ul{list-style:none}.feedzy-rss ul li{display:inline-block}<\/style>\n","protected":false},"excerpt":{"rendered":"","protected":false},"author":1,"featured_media":0,"parent":0,"menu_order":0,"comment_status":"closed","ping_status":"closed","template":"","meta":{"_et_pb_use_builder":"off","_et_pb_old_content":"","_et_gb_content_width":"","inline_featured_image":false,"footnotes":""},"class_list":["post-10614","page","type-page","status-publish","hentry"],"aioseo_notices":[],"aioseo_head":"\n\t\t<!-- All in One SEO 5.0.1.1 - aioseo.com -->\n\t<meta name=\"robots\" content=\"max-image-preview:large\" \/>\n\t<link rel=\"canonical\" href=\"https:\/\/www.istaf.de\/en\/leichtathletik-de\/\" \/>\n\t<meta name=\"generator\" content=\"All in One SEO (AIOSEO) 5.0.1.1\" \/>\n\t\t<meta property=\"og:locale\" content=\"en_US\" \/>\n\t\t<meta property=\"og:site_name\" content=\"ISTAF BERLIN |\" \/>\n\t\t<meta property=\"og:type\" content=\"article\" \/>\n\t\t<meta property=\"og:title\" content=\"Leichtathletik.de-News | ISTAF BERLIN\" \/>\n\t\t<meta property=\"og:url\" content=\"https:\/\/www.istaf.de\/en\/leichtathletik-de\/\" \/>\n\t\t<meta property=\"article:published_time\" content=\"2020-05-09T17:44:24+00:00\" \/>\n\t\t<meta property=\"article:modified_time\" content=\"2020-06-20T17:23:42+00:00\" \/>\n\t\t<meta name=\"twitter:card\" content=\"summary\" \/>\n\t\t<meta name=\"twitter:title\" content=\"Leichtathletik.de-News | ISTAF BERLIN\" \/>\n\t\t<script type=\"application\/ld+json\" class=\"aioseo-schema\">\n\t\t\t{\"@context\":\"https:\\\/\\\/schema.org\",\"@graph\":[{\"@type\":\"BreadcrumbList\",\"@id\":\"https:\\\/\\\/www.istaf.de\\\/en\\\/leichtathletik-de\\\/#breadcrumblist\",\"itemListElement\":[{\"@type\":\"ListItem\",\"@id\":\"https:\\\/\\\/www.istaf.de\\\/en\\\/#listItem\",\"position\":1,\"name\":\"Home\",\"item\":\"https:\\\/\\\/www.istaf.de\\\/en\\\/\",\"nextItem\":{\"@type\":\"ListItem\",\"@id\":\"https:\\\/\\\/www.istaf.de\\\/en\\\/leichtathletik-de\\\/#listItem\",\"name\":\"Leichtathletik.de-News\"}},{\"@type\":\"ListItem\",\"@id\":\"https:\\\/\\\/www.istaf.de\\\/en\\\/leichtathletik-de\\\/#listItem\",\"position\":2,\"name\":\"Leichtathletik.de-News\",\"previousItem\":{\"@type\":\"ListItem\",\"@id\":\"https:\\\/\\\/www.istaf.de\\\/en\\\/#listItem\",\"name\":\"Home\"}}]},{\"@type\":\"Organization\",\"@id\":\"https:\\\/\\\/www.istaf.de\\\/en\\\/#organization\",\"name\":\"ISTAF BERLIN\",\"url\":\"https:\\\/\\\/www.istaf.de\\\/en\\\/\",\"logo\":{\"@type\":\"ImageObject\",\"url\":\"https:\\\/\\\/www.istaf.de\\\/wp-content\\\/uploads\\\/ISTAF-Logo.jpg\",\"@id\":\"https:\\\/\\\/www.istaf.de\\\/en\\\/leichtathletik-de\\\/#organizationLogo\",\"width\":512,\"height\":512},\"image\":{\"@id\":\"https:\\\/\\\/www.istaf.de\\\/en\\\/leichtathletik-de\\\/#organizationLogo\"}},{\"@type\":\"WebPage\",\"@id\":\"https:\\\/\\\/www.istaf.de\\\/en\\\/leichtathletik-de\\\/#webpage\",\"url\":\"https:\\\/\\\/www.istaf.de\\\/en\\\/leichtathletik-de\\\/\",\"name\":\"Leichtathletik.de-News | ISTAF BERLIN\",\"inLanguage\":\"en-US\",\"isPartOf\":{\"@id\":\"https:\\\/\\\/www.istaf.de\\\/en\\\/#website\"},\"breadcrumb\":{\"@id\":\"https:\\\/\\\/www.istaf.de\\\/en\\\/leichtathletik-de\\\/#breadcrumblist\"},\"datePublished\":\"2020-05-09T19:44:24+02:00\",\"dateModified\":\"2020-06-20T19:23:42+02:00\"},{\"@type\":\"WebSite\",\"@id\":\"https:\\\/\\\/www.istaf.de\\\/en\\\/#website\",\"url\":\"https:\\\/\\\/www.istaf.de\\\/en\\\/\",\"name\":\"ISTAF BERLIN\",\"inLanguage\":\"en-US\",\"publisher\":{\"@id\":\"https:\\\/\\\/www.istaf.de\\\/en\\\/#organization\"}}]}\n\t\t<\/script>\n\t\t<!-- All in One SEO -->\n\n","aioseo_head_json":{"title":"Leichtathletik.de-News | ISTAF BERLIN","description":"","canonical_url":"https:\/\/www.istaf.de\/en\/leichtathletik-de\/","robots":"max-image-preview:large","keywords":"","webmasterTools":{"miscellaneous":""},"schema":{"@context":"https:\/\/schema.org","@graph":[{"@type":"BreadcrumbList","@id":"https:\/\/www.istaf.de\/en\/leichtathletik-de\/#breadcrumblist","itemListElement":[{"@type":"ListItem","@id":"https:\/\/www.istaf.de\/en\/#listItem","position":1,"name":"Home","item":"https:\/\/www.istaf.de\/en\/","nextItem":{"@type":"ListItem","@id":"https:\/\/www.istaf.de\/en\/leichtathletik-de\/#listItem","name":"Leichtathletik.de-News"}},{"@type":"ListItem","@id":"https:\/\/www.istaf.de\/en\/leichtathletik-de\/#listItem","position":2,"name":"Leichtathletik.de-News","previousItem":{"@type":"ListItem","@id":"https:\/\/www.istaf.de\/en\/#listItem","name":"Home"}}]},{"@type":"Organization","@id":"https:\/\/www.istaf.de\/en\/#organization","name":"ISTAF BERLIN","url":"https:\/\/www.istaf.de\/en\/","logo":{"@type":"ImageObject","url":"https:\/\/www.istaf.de\/wp-content\/uploads\/ISTAF-Logo.jpg","@id":"https:\/\/www.istaf.de\/en\/leichtathletik-de\/#organizationLogo","width":512,"height":512},"image":{"@id":"https:\/\/www.istaf.de\/en\/leichtathletik-de\/#organizationLogo"}},{"@type":"WebPage","@id":"https:\/\/www.istaf.de\/en\/leichtathletik-de\/#webpage","url":"https:\/\/www.istaf.de\/en\/leichtathletik-de\/","name":"Leichtathletik.de-News | ISTAF BERLIN","inLanguage":"en-US","isPartOf":{"@id":"https:\/\/www.istaf.de\/en\/#website"},"breadcrumb":{"@id":"https:\/\/www.istaf.de\/en\/leichtathletik-de\/#breadcrumblist"},"datePublished":"2020-05-09T19:44:24+02:00","dateModified":"2020-06-20T19:23:42+02:00"},{"@type":"WebSite","@id":"https:\/\/www.istaf.de\/en\/#website","url":"https:\/\/www.istaf.de\/en\/","name":"ISTAF BERLIN","inLanguage":"en-US","publisher":{"@id":"https:\/\/www.istaf.de\/en\/#organization"}}]},"og:locale":"en_US","og:site_name":"ISTAF BERLIN |","og:type":"article","og:title":"Leichtathletik.de-News | ISTAF BERLIN","og:url":"https:\/\/www.istaf.de\/en\/leichtathletik-de\/","article:published_time":"2020-05-09T17:44:24+00:00","article:modified_time":"2020-06-20T17:23:42+00:00","twitter:card":"summary","twitter:title":"Leichtathletik.de-News | ISTAF BERLIN"},"aioseo_meta_data":{"post_id":"10614","title":null,"description":null,"keywords":null,"keyphrases":{"focus":[],"additional":[]},"primary_term":null,"canonical_url":null,"og_title":null,"og_description":null,"og_object_type":"default","og_image_type":"default","og_image_url":null,"og_image_width":null,"og_image_height":null,"og_image_custom_url":null,"og_image_custom_fields":null,"og_video":null,"og_custom_url":null,"og_article_section":null,"og_article_tags":null,"twitter_use_og":false,"twitter_card":"default","twitter_image_type":"default","twitter_image_url":null,"twitter_image_custom_url":null,"twitter_image_custom_fields":null,"twitter_title":null,"twitter_description":null,"schema":{"blockGraphs":[],"customGraphs":[],"default":{"data":{"Article":[],"Course":[],"Dataset":[],"FAQPage":[],"Movie":[],"Person":[],"Product":[],"ProductReview":[],"Car":[],"Recipe":[],"Service":[],"SoftwareApplication":[],"WebPage":[]},"graphName":"","isEnabled":true},"graphs":[],"defaultGraph":"","defaultPostTypeGraph":""},"schema_type":null,"schema_type_options":null,"pillar_content":false,"robots_default":true,"robots_noindex":false,"robots_noarchive":false,"robots_nosnippet":false,"robots_nofollow":false,"robots_noimageindex":false,"robots_noodp":false,"robots_notranslate":false,"robots_max_snippet":null,"robots_max_videopreview":null,"robots_max_imagepreview":"large","priority":null,"frequency":null,"local_seo":null,"limit_modified_date":false,"created":"2020-12-21 17:24:32","updated":"2026-08-14 09:36:29","ai":null,"breadcrumb_settings":null,"seo_analyzer_scan_date":null,"focus_keyword":null,"additional_keywords":null,"truseo_locale":null},"aioseo_breadcrumb":"<div class=\"aioseo-breadcrumbs\"><span class=\"aioseo-breadcrumb\">\n\t\t\t<a href=\"https:\/\/www.istaf.de\/en\/\" title=\"Home\">Home<\/a>\n\t\t<\/span><span class=\"aioseo-breadcrumb-separator\">&raquo;<\/span><span class=\"aioseo-breadcrumb\">\n\t\t\tLeichtathletik.de-News\n\t\t<\/span><\/div>","aioseo_breadcrumb_json":[{"label":"Home","link":"https:\/\/www.istaf.de\/en\/"},{"label":"Leichtathletik.de-News","link":"https:\/\/www.istaf.de\/en\/leichtathletik-de\/"}],"_links":{"self":[{"href":"https:\/\/www.istaf.de\/en\/wp-json\/wp\/v2\/pages\/10614","targetHints":{"allow":["GET"]}}],"collection":[{"href":"https:\/\/www.istaf.de\/en\/wp-json\/wp\/v2\/pages"}],"about":[{"href":"https:\/\/www.istaf.de\/en\/wp-json\/wp\/v2\/types\/page"}],"author":[{"embeddable":true,"href":"https:\/\/www.istaf.de\/en\/wp-json\/wp\/v2\/users\/1"}],"replies":[{"embeddable":true,"href":"https:\/\/www.istaf.de\/en\/wp-json\/wp\/v2\/comments?post=10614"}],"version-history":[{"count":0,"href":"https:\/\/www.istaf.de\/en\/wp-json\/wp\/v2\/pages\/10614\/revisions"}],"wp:attachment":[{"href":"https:\/\/www.istaf.de\/en\/wp-json\/wp\/v2\/media?parent=10614"}],"curies":[{"name":"wp","href":"https:\/\/api.w.org\/{rel}","templated":true}]}}